{"id":174,"date":"2023-04-03T18:25:01","date_gmt":"2023-04-03T21:25:01","guid":{"rendered":"https:\/\/consmoron.esteri.it\/news\/"},"modified":"2023-07-05T05:51:15","modified_gmt":"2023-07-05T08:51:15","slug":"news","status":"publish","type":"page","link":"https:\/\/consmoron.esteri.it\/es\/news\/","title":{"rendered":"Noticias"},"content":{"rendered":"        <div class=\"row\">\n\t\t\t<!-- Ricerca sedi post -->\n\t\t\t<div class=\"col-12 mt-4\">\n\t\t\t  <div class=\"callout callout-highlight note ricerca-esteri p-4\">\n                    <div class=\"callout-title\">\n                        <svg class=\"icon\">\n                            <use xlink:href=\"https:\/\/consmoron.esteri.it\/wp-content\/themes\/sedi-tema\/assets\/svg\/sprites.svg#it-search\"><\/use>\n                        <\/svg>Introduzca sus par\u00e1metros de b\u00fasqueda                    <\/div>\n                    <form id=\"searchFormPost\" name=\"form-search-post\" class=\"form-row align-items-center\" action=\"https:\/\/consmoron.esteri.it\/es\/wp-json\/wp\/v2\/pages\/174\/\" method=\"GET\"> \n                        <!-- <div class=\"form-group pt-5\"> -->\n                            <!-- <input type=\"hidden\" id=\"lang\" name=\"lang\" value=\"\"> --> <!-- <\/div> -->\n\n                        <div class=\"it-datepicker-wrapper\">\n                            <div class=\"row\">\n                                <div class=\"form-group col-md-6\">\n                                    <label class=\"active\" for=\"date-init\">Desde el<\/label>\n                                    <input class=\"form-control\" name=\"date-init\" id=\"date-init\" type=\"date\" placeholder=\"gg\/mm\/aaaa\" value=\"\"lang=\"en-EN\">  \n                                <\/div>\n                                <div class=\"form-group col-md-6\">\n                                    <label class=\"active\" for=\"date-end\">Hasta el<\/label>\n                                    <input class=\"form-control\" name=\"date-end\" id=\"date-end\" type=\"date\" placeholder=\"gg\/mm\/aaaa\" value=\"\">\n                                <\/div>\n                            <\/div>\n                        <\/div>\n                        <div class=\"form-group col-md-12 mt-3\">\n                            <label for=\"searchText\">Campo de b\u00fasqueda libre<\/label>\n                            <input type=\"text\" name=\"searchText\" class=\"form-control\" id=\"searchText\" value=\"\">\n                        <\/div>\n                        <div class=\"form-group col-md-4 offset-md-8 text-end\">\n                            <a href=\"https:\/\/consmoron.esteri.it\/es\/news\/\" title=\"Form reset\" id=\"resetImput\" class=\"btn btn-outline-primary btn-xs\">Reset<\/a>\n                            <button type=\"submit\" class=\"btn btn-primary btn-xs\">Mostrar resultados<\/button>\n                        <\/div>\n                    <\/form>\n\t\t\t\t<\/div>\n\t\t\t<\/div>\n\t\t<\/div>\n                    \n            <div class=\"row\">\n                            <div class=\"col-12 mt-3\">\n                <!--start card-->\n                <div class=\"card-wrapper card-space\">\n                    <div class=\"card card-bg card-big border-bottom-card\">\n                        <div class=\"card-body \">\n                                                        <div class=\"category-top\">\n                                                                                                            <span class=\"\">\n                                        <svg class=\"icon icon-secondary\">\n                                            <use xlink:href=\"https:\/\/consmoron.esteri.it\/wp-content\/themes\/sedi-tema\/assets\/svg\/sprites.svg#it-calendar\"><\/use>\n                                        <\/svg> 28 agosto 2026                                    <\/span>\n                                                                    <\/div>\n                            <h5 class=\"card-title big-heading text-uppercase\"><a class=\"text-body text-decoration-none\" href=\"https:\/\/consmoron.esteri.it\/es\/news\/dal_consolato\/2026\/08\/elezioni-com-it-es-2026-qui-tutte-le-informazioni\/\" title=\"Elezioni COM.IT.ES. 2026. Qui tutte le informazioni.\">Elezioni COM.IT.ES. 2026. Qui tutte le informazioni.<\/a><\/h5>\n                            <p class=\"card-text\">Tutte le informazioni, i comunicati, i formulari e il calendario saranno pubblicati in questa sezione. 28\/08\/2026. ELEZIONI COM.IT.ES. 2026 \u2013 PREDISPOZIONE E PRESENTAZIONE DELLE LISTE ELETTORALI. SOTTOSCRIZIONE E AUTENTICA DELLE FIRME. \u2013 Agenzia Consolare Moron 28\/08\/2026. ELEZIONI COM.IT.ES. 2026 \u2013 COME PARTECIPARE E MODALITA\u2019 DI ESPRESSIONE DEL VOTO \u2013 Agenzia Consolare Moron 28\/08\/2026. ELEZIONI COM.IT.ES. [&hellip;]<\/p>\n                                <a title=\"Elezioni COM.IT.ES. 2026. Qui tutte le informazioni.\" class=\"read-more\" href=\"https:\/\/consmoron.esteri.it\/es\/news\/dal_consolato\/2026\/08\/elezioni-com-it-es-2026-qui-tutte-le-informazioni\/\">\n                                    <span class=\"text\">Lee mas<\/span>\n                                    <svg class=\"icon\">\n                                    <use xlink:href=\"https:\/\/consmoron.esteri.it\/wp-content\/themes\/sedi-tema\/assets\/svg\/sprites.svg#it-arrow-right\"><\/use>\n                                    <\/svg>\n                                <\/a>\n                                                    <\/div>\n                    <\/div>\n                <\/div>\n                <!--end card-->\n                <\/div><!-- col-12 .mt-3-->\n                            <div class=\"col-12 mt-3\">\n                <!--start card-->\n                <div class=\"card-wrapper card-space\">\n                    <div class=\"card card-bg card-big border-bottom-card\">\n                        <div class=\"card-body \">\n                                                        <div class=\"category-top\">\n                                                                                                            <span class=\"\">\n                                        <svg class=\"icon icon-secondary\">\n                                            <use xlink:href=\"https:\/\/consmoron.esteri.it\/wp-content\/themes\/sedi-tema\/assets\/svg\/sprites.svg#it-calendar\"><\/use>\n                                        <\/svg> 28 agosto 2026                                    <\/span>\n                                                                    <\/div>\n                            <h5 class=\"card-title big-heading text-uppercase\"><a class=\"text-body text-decoration-none\" href=\"https:\/\/consmoron.esteri.it\/es\/news\/dal_consolato\/2026\/08\/elezioni-com-it-es-2026-predispozione-e-presentazione-delle-liste-elettorali-sottoscrizione-e-autentica-delle-firme\/\" title=\"ELEZIONI COM.IT.ES. 2026 \u2013 PREDISPOZIONE E PRESENTAZIONE DELLE LISTE ELETTORALI. SOTTOSCRIZIONE E AUTENTICA DELLE FIRME.\">ELEZIONI COM.IT.ES. 2026 \u2013 PREDISPOZIONE E PRESENTAZIONE DELLE LISTE ELETTORALI. SOTTOSCRIZIONE E AUTENTICA DELLE FIRME.<\/a><\/h5>\n                            <p class=\"card-text\">Nel 2026 avranno luogo le elezioni per il rinnovo dei Comitati degli Italiani all\u2019Estero (Com.It.Es.). Ai sensi dell\u2019art. 14 del DPR 395\/2003, le liste possono essere\u00a0presentate all\u2019Ufficio elettorale\u00a0nelle ore d\u2019ufficio\u00a0dal ventesimo al trentesimo giorno successivo all\u2019indizione. La raccolta delle firme, la sottoscrizione delle liste e le relative autentiche possono avvenire sin da ora. Le liste [&hellip;]<\/p>\n                                <a title=\"ELEZIONI COM.IT.ES. 2026 \u2013 PREDISPOZIONE E PRESENTAZIONE DELLE LISTE ELETTORALI. SOTTOSCRIZIONE E AUTENTICA DELLE FIRME.\" class=\"read-more\" href=\"https:\/\/consmoron.esteri.it\/es\/news\/dal_consolato\/2026\/08\/elezioni-com-it-es-2026-predispozione-e-presentazione-delle-liste-elettorali-sottoscrizione-e-autentica-delle-firme\/\">\n                                    <span class=\"text\">Lee mas<\/span>\n                                    <svg class=\"icon\">\n                                    <use xlink:href=\"https:\/\/consmoron.esteri.it\/wp-content\/themes\/sedi-tema\/assets\/svg\/sprites.svg#it-arrow-right\"><\/use>\n                                    <\/svg>\n                                <\/a>\n                                                    <\/div>\n                    <\/div>\n                <\/div>\n                <!--end card-->\n                <\/div><!-- col-12 .mt-3-->\n                            <div class=\"col-12 mt-3\">\n                <!--start card-->\n                <div class=\"card-wrapper card-space\">\n                    <div class=\"card card-bg card-big border-bottom-card\">\n                        <div class=\"card-body \">\n                                                        <div class=\"category-top\">\n                                                                                                            <span class=\"\">\n                                        <svg class=\"icon icon-secondary\">\n                                            <use xlink:href=\"https:\/\/consmoron.esteri.it\/wp-content\/themes\/sedi-tema\/assets\/svg\/sprites.svg#it-calendar\"><\/use>\n                                        <\/svg> 28 agosto 2026                                    <\/span>\n                                                                    <\/div>\n                            <h5 class=\"card-title big-heading text-uppercase\"><a class=\"text-body text-decoration-none\" href=\"https:\/\/consmoron.esteri.it\/es\/news\/dal_consolato\/2026\/08\/elezioni-com-it-es-2026-come-partecipare-e-modalita-di-espressione-del-voto\/\" title=\"ELEZIONI COM.IT.ES. 2026 \u2013 COME PARTECIPARE E MODALITA\u2019 DI ESPRESSIONE DEL VOTO\">ELEZIONI COM.IT.ES. 2026 \u2013 COME PARTECIPARE E MODALITA\u2019 DI ESPRESSIONE DEL VOTO<\/a><\/h5>\n                            <p class=\"card-text\">Le elezioni per il rinnovo e l\u2019istituzione dei COMITES si terranno\u00a0entro la fine del 2026. I Comitati degli italiani all\u2019estero sono organi di rappresentanza della collettivit\u00e0 italiana nei rapporti con le rappresentanze diplomatico-consolari e operano per l\u2019integrazione della comunit\u00e0 italiana residente nel Paese straniero in cui si trovano. A questo importante appuntamento elettorale potranno partecipare [&hellip;]<\/p>\n                                <a title=\"ELEZIONI COM.IT.ES. 2026 \u2013 COME PARTECIPARE E MODALITA\u2019 DI ESPRESSIONE DEL VOTO\" class=\"read-more\" href=\"https:\/\/consmoron.esteri.it\/es\/news\/dal_consolato\/2026\/08\/elezioni-com-it-es-2026-come-partecipare-e-modalita-di-espressione-del-voto\/\">\n                                    <span class=\"text\">Lee mas<\/span>\n                                    <svg class=\"icon\">\n                                    <use xlink:href=\"https:\/\/consmoron.esteri.it\/wp-content\/themes\/sedi-tema\/assets\/svg\/sprites.svg#it-arrow-right\"><\/use>\n                                    <\/svg>\n                                <\/a>\n                                                    <\/div>\n                    <\/div>\n                <\/div>\n                <!--end card-->\n                <\/div><!-- col-12 .mt-3-->\n                            <div class=\"col-12 mt-3\">\n                <!--start card-->\n                <div class=\"card-wrapper card-space\">\n                    <div class=\"card card-bg card-big border-bottom-card\">\n                        <div class=\"card-body \">\n                                                        <div class=\"category-top\">\n                                                                                                            <span class=\"\">\n                                        <svg class=\"icon icon-secondary\">\n                                            <use xlink:href=\"https:\/\/consmoron.esteri.it\/wp-content\/themes\/sedi-tema\/assets\/svg\/sprites.svg#it-calendar\"><\/use>\n                                        <\/svg> 28 agosto 2026                                    <\/span>\n                                                                    <\/div>\n                            <h5 class=\"card-title big-heading text-uppercase\"><a class=\"text-body text-decoration-none\" href=\"https:\/\/consmoron.esteri.it\/es\/news\/dal_consolato\/2026\/08\/elezioni-com-it-es-2026-inizio-campagna-informativa\/\" title=\"ELEZIONI COM.IT.ES. 2026 \u2013 INIZIO CAMPAGNA INFORMATIVA\">ELEZIONI COM.IT.ES. 2026 \u2013 INIZIO CAMPAGNA INFORMATIVA<\/a><\/h5>\n                            <p class=\"card-text\">Nel 2026 avranno luogo le elezioni per il per il rinnovo dei Comitati degli Italiani all\u2019Estero (Com.It.Es). I Com.It.Es. sono organismi che rappresentano i connazionali all\u2019estero nei rapporti con Ambasciate e Consolati e ne favoriscono l\u2019integrazione. Hanno inoltre il compito di preservare la memoria storica dell\u2019emigrazione italiana e valorizzare il contributo italiano nelle societ\u00e0 in [&hellip;]<\/p>\n                                <a title=\"ELEZIONI COM.IT.ES. 2026 \u2013 INIZIO CAMPAGNA INFORMATIVA\" class=\"read-more\" href=\"https:\/\/consmoron.esteri.it\/es\/news\/dal_consolato\/2026\/08\/elezioni-com-it-es-2026-inizio-campagna-informativa\/\">\n                                    <span class=\"text\">Lee mas<\/span>\n                                    <svg class=\"icon\">\n                                    <use xlink:href=\"https:\/\/consmoron.esteri.it\/wp-content\/themes\/sedi-tema\/assets\/svg\/sprites.svg#it-arrow-right\"><\/use>\n                                    <\/svg>\n                                <\/a>\n                                                    <\/div>\n                    <\/div>\n                <\/div>\n                <!--end card-->\n                <\/div><!-- col-12 .mt-3-->\n                            <div class=\"col-12 mt-3\">\n                <!--start card-->\n                <div class=\"card-wrapper card-space\">\n                    <div class=\"card card-bg card-big border-bottom-card\">\n                        <div class=\"card-body \">\n                                                        <div class=\"category-top\">\n                                                                                                            <span class=\"\">\n                                        <svg class=\"icon icon-secondary\">\n                                            <use xlink:href=\"https:\/\/consmoron.esteri.it\/wp-content\/themes\/sedi-tema\/assets\/svg\/sprites.svg#it-calendar\"><\/use>\n                                        <\/svg> 17 agosto 2026                                    <\/span>\n                                                                    <\/div>\n                            <h5 class=\"card-title big-heading text-uppercase\"><a class=\"text-body text-decoration-none\" href=\"https:\/\/consmoron.esteri.it\/es\/news\/dal_consolato\/2026\/08\/saludo-de-fin-de-gestion-del-agente-consular-giulio-barbato\/\" title=\"Saludo de fin de gesti\u00f3n del Agente Consular Giulio Barbato\">Saludo de fin de gesti\u00f3n del Agente Consular Giulio Barbato<\/a><\/h5>\n                            <p class=\"card-text\">Despu\u00e9s de cuatro a\u00f1os al frente de la Agencia Consular de Italia en Mor\u00f3n, el Agente Consular Giulio Barbato finaliza su gesti\u00f3n. Compartimos un video, con un breve recorrido por estos a\u00f1os de trabajo, compromiso y cercan\u00eda con nuestra comunidad: Ver el mensaje de despedida en YouTube A continuaci\u00f3n, compartimos sus palabras de despedida con [&hellip;]<\/p>\n                                <a title=\"Saludo de fin de gesti\u00f3n del Agente Consular Giulio Barbato\" class=\"read-more\" href=\"https:\/\/consmoron.esteri.it\/es\/news\/dal_consolato\/2026\/08\/saludo-de-fin-de-gestion-del-agente-consular-giulio-barbato\/\">\n                                    <span class=\"text\">Lee mas<\/span>\n                                    <svg class=\"icon\">\n                                    <use xlink:href=\"https:\/\/consmoron.esteri.it\/wp-content\/themes\/sedi-tema\/assets\/svg\/sprites.svg#it-arrow-right\"><\/use>\n                                    <\/svg>\n                                <\/a>\n                                                    <\/div>\n                    <\/div>\n                <\/div>\n                <!--end card-->\n                <\/div><!-- col-12 .mt-3-->\n                            <div class=\"col-12 mt-3\">\n                <!--start card-->\n                <div class=\"card-wrapper card-space\">\n                    <div class=\"card card-bg card-big border-bottom-card\">\n                        <div class=\"card-body \">\n                                                        <div class=\"category-top\">\n                                                                                                            <span class=\"\">\n                                        <svg class=\"icon icon-secondary\">\n                                            <use xlink:href=\"https:\/\/consmoron.esteri.it\/wp-content\/themes\/sedi-tema\/assets\/svg\/sprites.svg#it-calendar\"><\/use>\n                                        <\/svg> 30 julio 2026                                    <\/span>\n                                                                    <\/div>\n                            <h5 class=\"card-title big-heading text-uppercase\"><a class=\"text-body text-decoration-none\" href=\"https:\/\/consmoron.esteri.it\/es\/news\/dal_consolato\/2026\/07\/validez-ilimitada-de-los-documentos-de-identidad-electronicos-cie-para-personas-mayores-de-70-anos\/\" title=\"Validez ilimitada de los documentos de identidad electr\u00f3nicos (CIE) para personas mayores de 70 a\u00f1os\">Validez ilimitada de los documentos de identidad electr\u00f3nicos (CIE) para personas mayores de 70 a\u00f1os<\/a><\/h5>\n                            <p class=\"card-text\">A partir del 30 de julio del 2026, los Documentos de Identidad Electr\u00f3nicos (CIE) expedidos a ciudadanos que hayan cumplido setenta a\u00f1os en el momento de la solicitud tendr\u00e1n validez ilimitada. El Documento de Identidad Electr\u00f3nico expedido a ciudadanos de setenta a\u00f1os o m\u00e1s en el momento de la solicitud ser\u00e1 v\u00e1lido ilimitadamente y mantendr\u00e1 [&hellip;]<\/p>\n                                <a title=\"Validez ilimitada de los documentos de identidad electr\u00f3nicos (CIE) para personas mayores de 70 a\u00f1os\" class=\"read-more\" href=\"https:\/\/consmoron.esteri.it\/es\/news\/dal_consolato\/2026\/07\/validez-ilimitada-de-los-documentos-de-identidad-electronicos-cie-para-personas-mayores-de-70-anos\/\">\n                                    <span class=\"text\">Lee mas<\/span>\n                                    <svg class=\"icon\">\n                                    <use xlink:href=\"https:\/\/consmoron.esteri.it\/wp-content\/themes\/sedi-tema\/assets\/svg\/sprites.svg#it-arrow-right\"><\/use>\n                                    <\/svg>\n                                <\/a>\n                                                    <\/div>\n                    <\/div>\n                <\/div>\n                <!--end card-->\n                <\/div><!-- col-12 .mt-3-->\n                            <div class=\"col-12 mt-3\">\n                <!--start card-->\n                <div class=\"card-wrapper card-space\">\n                    <div class=\"card card-bg card-big border-bottom-card\">\n                        <div class=\"card-body \">\n                                                        <div class=\"category-top\">\n                                                                                                            <span class=\"\">\n                                        <svg class=\"icon icon-secondary\">\n                                            <use xlink:href=\"https:\/\/consmoron.esteri.it\/wp-content\/themes\/sedi-tema\/assets\/svg\/sprites.svg#it-calendar\"><\/use>\n                                        <\/svg> 22 julio 2026                                    <\/span>\n                                                                    <\/div>\n                            <h5 class=\"card-title big-heading text-uppercase\"><a class=\"text-body text-decoration-none\" href=\"https:\/\/consmoron.esteri.it\/es\/news\/dal_consolato\/2026\/07\/diplomatura-en-estudios-y-gestion-de-instituciones-de-la-colectividad-italiana-en-argentina-2\/\" title=\"Diplomatura en Estudios y Gesti\u00f3n de Instituciones de la colectividad italiana en Argentina\">Diplomatura en Estudios y Gesti\u00f3n de Instituciones de la colectividad italiana en Argentina<\/a><\/h5>\n                            <p class=\"card-text\">&nbsp; La\u00a0Diplomatura en Estudios y Gesti\u00f3n de Instituciones de la Colectividad Italiana en Argentina, organizada por el\u00a0Centro \u00cdtalo Argentino de Altos Estudios (CIAAE) de la Universidad de Buenos Aires, tiene como objetivo fortalecer el presente y el futuro de las instituciones italianas del pa\u00eds, promoviendo la formaci\u00f3n de nuevas generaciones de dirigentes y la elaboraci\u00f3n [&hellip;]<\/p>\n                                <a title=\"Diplomatura en Estudios y Gesti\u00f3n de Instituciones de la colectividad italiana en Argentina\" class=\"read-more\" href=\"https:\/\/consmoron.esteri.it\/es\/news\/dal_consolato\/2026\/07\/diplomatura-en-estudios-y-gestion-de-instituciones-de-la-colectividad-italiana-en-argentina-2\/\">\n                                    <span class=\"text\">Lee mas<\/span>\n                                    <svg class=\"icon\">\n                                    <use xlink:href=\"https:\/\/consmoron.esteri.it\/wp-content\/themes\/sedi-tema\/assets\/svg\/sprites.svg#it-arrow-right\"><\/use>\n                                    <\/svg>\n                                <\/a>\n                                                    <\/div>\n                    <\/div>\n                <\/div>\n                <!--end card-->\n                <\/div><!-- col-12 .mt-3-->\n                            <div class=\"col-12 mt-3\">\n                <!--start card-->\n                <div class=\"card-wrapper card-space\">\n                    <div class=\"card card-bg card-big border-bottom-card\">\n                        <div class=\"card-body \">\n                                                        <div class=\"category-top\">\n                                                                                                            <span class=\"\">\n                                        <svg class=\"icon icon-secondary\">\n                                            <use xlink:href=\"https:\/\/consmoron.esteri.it\/wp-content\/themes\/sedi-tema\/assets\/svg\/sprites.svg#it-calendar\"><\/use>\n                                        <\/svg> 22 julio 2026                                    <\/span>\n                                                                    <\/div>\n                            <h5 class=\"card-title big-heading text-uppercase\"><a class=\"text-body text-decoration-none\" href=\"https:\/\/consmoron.esteri.it\/es\/news\/dal_consolato\/2026\/07\/elecciones-comites-2026\/\" title=\"Elecciones COMITES 2026\">Elecciones COMITES 2026<\/a><\/h5>\n                            <p class=\"card-text\">En 2026 se realizar\u00e1n las elecciones para la renovaci\u00f3n de los\u00a0Comit\u00e9s de los Italianos en el Exterior (Com.It.Es.). Los Com.It.Es. son organismos que representan a los ciudadanos italianos residentes en el extranjero en sus relaciones con las Embajadas y los Consulados, y promueven su integraci\u00f3n. Asimismo, tienen la misi\u00f3n de preservar la memoria hist\u00f3rica de [&hellip;]<\/p>\n                                <a title=\"Elecciones COMITES 2026\" class=\"read-more\" href=\"https:\/\/consmoron.esteri.it\/es\/news\/dal_consolato\/2026\/07\/elecciones-comites-2026\/\">\n                                    <span class=\"text\">Lee mas<\/span>\n                                    <svg class=\"icon\">\n                                    <use xlink:href=\"https:\/\/consmoron.esteri.it\/wp-content\/themes\/sedi-tema\/assets\/svg\/sprites.svg#it-arrow-right\"><\/use>\n                                    <\/svg>\n                                <\/a>\n                                                    <\/div>\n                    <\/div>\n                <\/div>\n                <!--end card-->\n                <\/div><!-- col-12 .mt-3-->\n                            <div class=\"col-12 mt-3\">\n                <!--start card-->\n                <div class=\"card-wrapper card-space\">\n                    <div class=\"card card-bg card-big border-bottom-card\">\n                        <div class=\"card-body \">\n                                                        <div class=\"category-top\">\n                                                                                                            <span class=\"\">\n                                        <svg class=\"icon icon-secondary\">\n                                            <use xlink:href=\"https:\/\/consmoron.esteri.it\/wp-content\/themes\/sedi-tema\/assets\/svg\/sprites.svg#it-calendar\"><\/use>\n                                        <\/svg> 13 julio 2026                                    <\/span>\n                                                                    <\/div>\n                            <h5 class=\"card-title big-heading text-uppercase\"><a class=\"text-body text-decoration-none\" href=\"https:\/\/consmoron.esteri.it\/es\/news\/dal_consolato\/2026\/07\/los-documentos-de-identidad-en-papel-dejan-de-ser-validos-para-viajar-al-extranjero-a-partir-del-3-de-agosto\/\" title=\"Los documentos de identidad en papel dejan de ser v\u00e1lidos para viajar al extranjero a partir del 3 de agosto\">Los documentos de identidad en papel dejan de ser v\u00e1lidos para viajar al extranjero a partir del 3 de agosto<\/a><\/h5>\n                            <p class=\"card-text\">A partir del 3 de agosto de 2026, la versi\u00f3n en papel del documento de identidad ya no ser\u00e1 v\u00e1lida para viajar al extranjero, independientemente de la fecha de caducidad impresa en el reverso. El Decreto-Ley n.\u00ba 108, de 26 de junio de 2026, introdujo varios cambios importantes: &#8211;\u00a0\u00a0\u00a0\u00a0\u00a0\u00a0\u00a0\u00a0\u00a0\u00a0\u00a0\u00a0\u00a0\u00a0\u00a0\u00a0\u00a0\u00a0 Un documento de identidad en papel [&hellip;]<\/p>\n                                <a title=\"Los documentos de identidad en papel dejan de ser v\u00e1lidos para viajar al extranjero a partir del 3 de agosto\" class=\"read-more\" href=\"https:\/\/consmoron.esteri.it\/es\/news\/dal_consolato\/2026\/07\/los-documentos-de-identidad-en-papel-dejan-de-ser-validos-para-viajar-al-extranjero-a-partir-del-3-de-agosto\/\">\n                                    <span class=\"text\">Lee mas<\/span>\n                                    <svg class=\"icon\">\n                                    <use xlink:href=\"https:\/\/consmoron.esteri.it\/wp-content\/themes\/sedi-tema\/assets\/svg\/sprites.svg#it-arrow-right\"><\/use>\n                                    <\/svg>\n                                <\/a>\n                                                    <\/div>\n                    <\/div>\n                <\/div>\n                <!--end card-->\n                <\/div><!-- col-12 .mt-3-->\n                            <div class=\"col-12 mt-3\">\n                <!--start card-->\n                <div class=\"card-wrapper card-space\">\n                    <div class=\"card card-bg card-big border-bottom-card\">\n                        <div class=\"card-body \">\n                                                        <div class=\"category-top\">\n                                                                                                            <span class=\"\">\n                                        <svg class=\"icon icon-secondary\">\n                                            <use xlink:href=\"https:\/\/consmoron.esteri.it\/wp-content\/themes\/sedi-tema\/assets\/svg\/sprites.svg#it-calendar\"><\/use>\n                                        <\/svg> 24 junio 2026                                    <\/span>\n                                                                    <\/div>\n                            <h5 class=\"card-title big-heading text-uppercase\"><a class=\"text-body text-decoration-none\" href=\"https:\/\/consmoron.esteri.it\/es\/news\/dal_consolato\/2026\/06\/tariffe-consolari-iii-trimestre-2026\/\" title=\"Tariffe Consolari III Trimestre 2026\">Tariffe Consolari III Trimestre 2026<\/a><\/h5>\n                            <p class=\"card-text\">Sono\u00a0 disponibili le tariffe consolari\u00a0del III Trimestre 2026 con validit\u00e0\u00a0 dal 01\/07\/2026 al 30\/09\/2026<\/p>\n                                <a title=\"Tariffe Consolari III Trimestre 2026\" class=\"read-more\" href=\"https:\/\/consmoron.esteri.it\/es\/news\/dal_consolato\/2026\/06\/tariffe-consolari-iii-trimestre-2026\/\">\n                                    <span class=\"text\">Lee mas<\/span>\n                                    <svg class=\"icon\">\n                                    <use xlink:href=\"https:\/\/consmoron.esteri.it\/wp-content\/themes\/sedi-tema\/assets\/svg\/sprites.svg#it-arrow-right\"><\/use>\n                                    <\/svg>\n                                <\/a>\n                                                    <\/div>\n                    <\/div>\n                <\/div>\n                <!--end card-->\n                <\/div><!-- col-12 .mt-3-->\n            \n            <div class=\"col-md-12 mt-4 pb-4\">\n                <nav class=\"navigation col-md-12\" aria-label=\"Navigation\">\n                    <h2 class=\"screen-reader-text visually-hidden\">Paginaci\u00f3n<\/h2>\n                    <div class=\"nav-links\">\n                    <span aria-current=\"page\" class=\"page-numbers current\">1<\/span>\n<a class=\"page-numbers\" href=\"https:\/\/consmoron.esteri.it\/es\/wp-json\/wp\/v2\/pages\/174\/?pag=2\">2<\/a>\n<a class=\"page-numbers\" href=\"https:\/\/consmoron.esteri.it\/es\/wp-json\/wp\/v2\/pages\/174\/?pag=3\">3<\/a>\n<span class=\"page-numbers dots\">&hellip;<\/span>\n<a class=\"page-numbers\" href=\"https:\/\/consmoron.esteri.it\/es\/wp-json\/wp\/v2\/pages\/174\/?pag=24\">24<\/a>\n<a class=\"next page-numbers\" href=\"https:\/\/consmoron.esteri.it\/es\/wp-json\/wp\/v2\/pages\/174\/?pag=2\"><svg class=\"icon icon-primary\"><use xlink:href=\"https:\/\/consmoron.esteri.it\/wp-content\/themes\/sedi-tema\/assets\/svg\/sprites.svg#it-chevron-right\"><\/use><\/svg>\n                                    <span class=\"visually-hidden\">Siguiente p\u00e1gina<\/span><\/a>                    <\/div>\n                <\/nav>\n            <\/div>   <!--.col-md-12 -->\n              <\/div><!--.row -->\n              \n","protected":false},"excerpt":{"rendered":"","protected":false},"author":1,"featured_media":0,"parent":0,"menu_order":10,"comment_status":"closed","ping_status":"closed","template":"","meta":{"footnotes":""},"class_list":["post-174","page","type-page","status-publish","hentry"],"_links":{"self":[{"href":"https:\/\/consmoron.esteri.it\/es\/wp-json\/wp\/v2\/pages\/174","targetHints":{"allow":["GET"]}}],"collection":[{"href":"https:\/\/consmoron.esteri.it\/es\/wp-json\/wp\/v2\/pages"}],"about":[{"href":"https:\/\/consmoron.esteri.it\/es\/wp-json\/wp\/v2\/types\/page"}],"author":[{"embeddable":true,"href":"https:\/\/consmoron.esteri.it\/es\/wp-json\/wp\/v2\/users\/1"}],"replies":[{"embeddable":true,"href":"https:\/\/consmoron.esteri.it\/es\/wp-json\/wp\/v2\/comments?post=174"}],"version-history":[{"count":2,"href":"https:\/\/consmoron.esteri.it\/es\/wp-json\/wp\/v2\/pages\/174\/revisions"}],"predecessor-version":[{"id":234,"href":"https:\/\/consmoron.esteri.it\/es\/wp-json\/wp\/v2\/pages\/174\/revisions\/234"}],"wp:attachment":[{"href":"https:\/\/consmoron.esteri.it\/es\/wp-json\/wp\/v2\/media?parent=174"}],"curies":[{"name":"wp","href":"https:\/\/api.w.org\/{rel}","templated":true}]}}