{"id":55,"date":"2023-04-03T19:19:57","date_gmt":"2023-04-03T17:19:57","guid":{"rendered":"https:\/\/consolatozurigo.esteri.it\/?page_id=55"},"modified":"2023-04-03T19:19:57","modified_gmt":"2023-04-03T17:19:57","slug":"dal_consolato","status":"publish","type":"page","link":"https:\/\/consmoron.esteri.it\/it\/news\/dal_consolato\/","title":{"rendered":"Dal Consolato"},"content":{"rendered":"        <div class=\"row\">\n\t\t\t<!-- Ricerca sedi post -->\n\t\t\t<div class=\"col-12 mt-4\">\n\t\t\t  <div class=\"callout callout-highlight note ricerca-esteri p-4\">\n                    <div class=\"callout-title\">\n                        <svg class=\"icon\">\n                            <use xlink:href=\"https:\/\/consmoron.esteri.it\/wp-content\/themes\/sedi-tema\/assets\/svg\/sprites.svg#it-search\"><\/use>\n                        <\/svg>Inserisci i parametri di ricerca                    <\/div>\n                    <form id=\"searchFormPost\" name=\"form-search-post\" class=\"form-row align-items-center\" action=\"https:\/\/consmoron.esteri.it\/it\/wp-json\/wp\/v2\/pages\/55\/\" method=\"GET\"> \n                        <!-- <div class=\"form-group pt-5\"> -->\n                            <!-- <input type=\"hidden\" id=\"lang\" name=\"lang\" value=\"\"> --> <!-- <\/div> -->\n\n                        <div class=\"it-datepicker-wrapper\">\n                            <div class=\"row\">\n                                <div class=\"form-group col-md-6\">\n                                    <label class=\"active\" for=\"date-init\">Dal<\/label>\n                                    <input class=\"form-control\" name=\"date-init\" id=\"date-init\" type=\"date\" placeholder=\"gg\/mm\/aaaa\" value=\"\"lang=\"en-EN\">  \n                                <\/div>\n                                <div class=\"form-group col-md-6\">\n                                    <label class=\"active\" for=\"date-end\">Al<\/label>\n                                    <input class=\"form-control\" name=\"date-end\" id=\"date-end\" type=\"date\" placeholder=\"gg\/mm\/aaaa\" value=\"\">\n                                <\/div>\n                            <\/div>\n                        <\/div>\n                        <div class=\"form-group col-md-12 mt-3\">\n                            <label for=\"searchText\">Campo ricerca libera<\/label>\n                            <input type=\"text\" name=\"searchText\" class=\"form-control\" id=\"searchText\" value=\"\">\n                        <\/div>\n                        <div class=\"form-group col-md-4 offset-md-8 text-end\">\n                            <a href=\"https:\/\/consmoron.esteri.it\/it\/news\/dal_consolato\/\" title=\"Form reset\" id=\"resetImput\" class=\"btn btn-outline-primary btn-xs\">Reset<\/a>\n                            <button type=\"submit\" class=\"btn btn-primary btn-xs\">Mostra risultati<\/button>\n                        <\/div>\n                    <\/form>\n\t\t\t\t<\/div>\n\t\t\t<\/div>\n\t\t<\/div>\n                    \n            <div class=\"row\">\n                            <div class=\"col-12 mt-3\">\n                <!--start card-->\n                <div class=\"card-wrapper card-space\">\n                    <div class=\"card card-bg card-big border-bottom-card\">\n                        <div class=\"card-body \">\n                                                        <div class=\"category-top\">\n                                                                                                            <span class=\"\">\n                                        <svg class=\"icon icon-secondary\">\n                                            <use xlink:href=\"https:\/\/consmoron.esteri.it\/wp-content\/themes\/sedi-tema\/assets\/svg\/sprites.svg#it-calendar\"><\/use>\n                                        <\/svg> 28 Agosto 2026                                    <\/span>\n                                                                    <\/div>\n                            <h5 class=\"card-title big-heading text-uppercase\"><a class=\"text-body text-decoration-none\" href=\"https:\/\/consmoron.esteri.it\/it\/news\/dal_consolato\/2026\/08\/elezioni-com-it-es-2026-qui-tutte-le-informazioni\/\" title=\"Elezioni COM.IT.ES. 2026. Qui tutte le informazioni.\">Elezioni COM.IT.ES. 2026. Qui tutte le informazioni.<\/a><\/h5>\n                            <p class=\"card-text\">Tutte le informazioni, i comunicati, i formulari e il calendario saranno pubblicati in questa sezione. 28\/08\/2026. ELEZIONI COM.IT.ES. 2026 \u2013 PREDISPOZIONE E PRESENTAZIONE DELLE LISTE ELETTORALI. SOTTOSCRIZIONE E AUTENTICA DELLE FIRME. \u2013 Agenzia Consolare Moron 28\/08\/2026. ELEZIONI COM.IT.ES. 2026 \u2013 COME PARTECIPARE E MODALITA\u2019 DI ESPRESSIONE DEL VOTO \u2013 Agenzia Consolare Moron 28\/08\/2026. ELEZIONI COM.IT.ES. [&hellip;]<\/p>\n                                <a title=\"Elezioni COM.IT.ES. 2026. Qui tutte le informazioni.\" class=\"read-more\" href=\"https:\/\/consmoron.esteri.it\/it\/news\/dal_consolato\/2026\/08\/elezioni-com-it-es-2026-qui-tutte-le-informazioni\/\">\n                                    <span class=\"text\">Leggi di pi\u00f9<\/span>\n                                    <svg class=\"icon\">\n                                    <use xlink:href=\"https:\/\/consmoron.esteri.it\/wp-content\/themes\/sedi-tema\/assets\/svg\/sprites.svg#it-arrow-right\"><\/use>\n                                    <\/svg>\n                                <\/a>\n                                                    <\/div>\n                    <\/div>\n                <\/div>\n                <!--end card-->\n                <\/div><!-- col-12 .mt-3-->\n                            <div class=\"col-12 mt-3\">\n                <!--start card-->\n                <div class=\"card-wrapper card-space\">\n                    <div class=\"card card-bg card-big border-bottom-card\">\n                        <div class=\"card-body \">\n                                                        <div class=\"category-top\">\n                                                                                                            <span class=\"\">\n                                        <svg class=\"icon icon-secondary\">\n                                            <use xlink:href=\"https:\/\/consmoron.esteri.it\/wp-content\/themes\/sedi-tema\/assets\/svg\/sprites.svg#it-calendar\"><\/use>\n                                        <\/svg> 28 Agosto 2026                                    <\/span>\n                                                                    <\/div>\n                            <h5 class=\"card-title big-heading text-uppercase\"><a class=\"text-body text-decoration-none\" href=\"https:\/\/consmoron.esteri.it\/it\/news\/dal_consolato\/2026\/08\/elezioni-com-it-es-2026-predispozione-e-presentazione-delle-liste-elettorali-sottoscrizione-e-autentica-delle-firme\/\" title=\"ELEZIONI COM.IT.ES. 2026 \u2013 PREDISPOZIONE E PRESENTAZIONE DELLE LISTE ELETTORALI. SOTTOSCRIZIONE E AUTENTICA DELLE FIRME.\">ELEZIONI COM.IT.ES. 2026 \u2013 PREDISPOZIONE E PRESENTAZIONE DELLE LISTE ELETTORALI. SOTTOSCRIZIONE E AUTENTICA DELLE FIRME.<\/a><\/h5>\n                            <p class=\"card-text\">Nel 2026 avranno luogo le elezioni per il rinnovo dei Comitati degli Italiani all\u2019Estero (Com.It.Es.). Ai sensi dell\u2019art. 14 del DPR 395\/2003, le liste possono essere\u00a0presentate all\u2019Ufficio elettorale\u00a0nelle ore d\u2019ufficio\u00a0dal ventesimo al trentesimo giorno successivo all\u2019indizione. La raccolta delle firme, la sottoscrizione delle liste e le relative autentiche possono avvenire sin da ora. Le liste [&hellip;]<\/p>\n                                <a title=\"ELEZIONI COM.IT.ES. 2026 \u2013 PREDISPOZIONE E PRESENTAZIONE DELLE LISTE ELETTORALI. SOTTOSCRIZIONE E AUTENTICA DELLE FIRME.\" class=\"read-more\" href=\"https:\/\/consmoron.esteri.it\/it\/news\/dal_consolato\/2026\/08\/elezioni-com-it-es-2026-predispozione-e-presentazione-delle-liste-elettorali-sottoscrizione-e-autentica-delle-firme\/\">\n                                    <span class=\"text\">Leggi di pi\u00f9<\/span>\n                                    <svg class=\"icon\">\n                                    <use xlink:href=\"https:\/\/consmoron.esteri.it\/wp-content\/themes\/sedi-tema\/assets\/svg\/sprites.svg#it-arrow-right\"><\/use>\n                                    <\/svg>\n                                <\/a>\n                                                    <\/div>\n                    <\/div>\n                <\/div>\n                <!--end card-->\n                <\/div><!-- col-12 .mt-3-->\n                            <div class=\"col-12 mt-3\">\n                <!--start card-->\n                <div class=\"card-wrapper card-space\">\n                    <div class=\"card card-bg card-big border-bottom-card\">\n                        <div class=\"card-body \">\n                                                        <div class=\"category-top\">\n                                                                                                            <span class=\"\">\n                                        <svg class=\"icon icon-secondary\">\n                                            <use xlink:href=\"https:\/\/consmoron.esteri.it\/wp-content\/themes\/sedi-tema\/assets\/svg\/sprites.svg#it-calendar\"><\/use>\n                                        <\/svg> 28 Agosto 2026                                    <\/span>\n                                                                    <\/div>\n                            <h5 class=\"card-title big-heading text-uppercase\"><a class=\"text-body text-decoration-none\" href=\"https:\/\/consmoron.esteri.it\/it\/news\/dal_consolato\/2026\/08\/elezioni-com-it-es-2026-come-partecipare-e-modalita-di-espressione-del-voto\/\" title=\"ELEZIONI COM.IT.ES. 2026 \u2013 COME PARTECIPARE E MODALITA\u2019 DI ESPRESSIONE DEL VOTO\">ELEZIONI COM.IT.ES. 2026 \u2013 COME PARTECIPARE E MODALITA\u2019 DI ESPRESSIONE DEL VOTO<\/a><\/h5>\n                            <p class=\"card-text\">Le elezioni per il rinnovo e l\u2019istituzione dei COMITES si terranno\u00a0entro la fine del 2026. I Comitati degli italiani all\u2019estero sono organi di rappresentanza della collettivit\u00e0 italiana nei rapporti con le rappresentanze diplomatico-consolari e operano per l\u2019integrazione della comunit\u00e0 italiana residente nel Paese straniero in cui si trovano. A questo importante appuntamento elettorale potranno partecipare [&hellip;]<\/p>\n                                <a title=\"ELEZIONI COM.IT.ES. 2026 \u2013 COME PARTECIPARE E MODALITA\u2019 DI ESPRESSIONE DEL VOTO\" class=\"read-more\" href=\"https:\/\/consmoron.esteri.it\/it\/news\/dal_consolato\/2026\/08\/elezioni-com-it-es-2026-come-partecipare-e-modalita-di-espressione-del-voto\/\">\n                                    <span class=\"text\">Leggi di pi\u00f9<\/span>\n                                    <svg class=\"icon\">\n                                    <use xlink:href=\"https:\/\/consmoron.esteri.it\/wp-content\/themes\/sedi-tema\/assets\/svg\/sprites.svg#it-arrow-right\"><\/use>\n                                    <\/svg>\n                                <\/a>\n                                                    <\/div>\n                    <\/div>\n                <\/div>\n                <!--end card-->\n                <\/div><!-- col-12 .mt-3-->\n                            <div class=\"col-12 mt-3\">\n                <!--start card-->\n                <div class=\"card-wrapper card-space\">\n                    <div class=\"card card-bg card-big border-bottom-card\">\n                        <div class=\"card-body \">\n                                                        <div class=\"category-top\">\n                                                                                                            <span class=\"\">\n                                        <svg class=\"icon icon-secondary\">\n                                            <use xlink:href=\"https:\/\/consmoron.esteri.it\/wp-content\/themes\/sedi-tema\/assets\/svg\/sprites.svg#it-calendar\"><\/use>\n                                        <\/svg> 28 Agosto 2026                                    <\/span>\n                                                                    <\/div>\n                            <h5 class=\"card-title big-heading text-uppercase\"><a class=\"text-body text-decoration-none\" href=\"https:\/\/consmoron.esteri.it\/it\/news\/dal_consolato\/2026\/08\/elezioni-com-it-es-2026-inizio-campagna-informativa\/\" title=\"ELEZIONI COM.IT.ES. 2026 \u2013 INIZIO CAMPAGNA INFORMATIVA\">ELEZIONI COM.IT.ES. 2026 \u2013 INIZIO CAMPAGNA INFORMATIVA<\/a><\/h5>\n                            <p class=\"card-text\">Nel 2026 avranno luogo le elezioni per il per il rinnovo dei Comitati degli Italiani all\u2019Estero (Com.It.Es). I Com.It.Es. sono organismi che rappresentano i connazionali all\u2019estero nei rapporti con Ambasciate e Consolati e ne favoriscono l\u2019integrazione. Hanno inoltre il compito di preservare la memoria storica dell\u2019emigrazione italiana e valorizzare il contributo italiano nelle societ\u00e0 in [&hellip;]<\/p>\n                                <a title=\"ELEZIONI COM.IT.ES. 2026 \u2013 INIZIO CAMPAGNA INFORMATIVA\" class=\"read-more\" href=\"https:\/\/consmoron.esteri.it\/it\/news\/dal_consolato\/2026\/08\/elezioni-com-it-es-2026-inizio-campagna-informativa\/\">\n                                    <span class=\"text\">Leggi di pi\u00f9<\/span>\n                                    <svg class=\"icon\">\n                                    <use xlink:href=\"https:\/\/consmoron.esteri.it\/wp-content\/themes\/sedi-tema\/assets\/svg\/sprites.svg#it-arrow-right\"><\/use>\n                                    <\/svg>\n                                <\/a>\n                                                    <\/div>\n                    <\/div>\n                <\/div>\n                <!--end card-->\n                <\/div><!-- col-12 .mt-3-->\n                            <div class=\"col-12 mt-3\">\n                <!--start card-->\n                <div class=\"card-wrapper card-space\">\n                    <div class=\"card card-bg card-big border-bottom-card\">\n                        <div class=\"card-body \">\n                                                        <div class=\"category-top\">\n                                                                                                            <span class=\"\">\n                                        <svg class=\"icon icon-secondary\">\n                                            <use xlink:href=\"https:\/\/consmoron.esteri.it\/wp-content\/themes\/sedi-tema\/assets\/svg\/sprites.svg#it-calendar\"><\/use>\n                                        <\/svg> 17 Agosto 2026                                    <\/span>\n                                                                    <\/div>\n                            <h5 class=\"card-title big-heading text-uppercase\"><a class=\"text-body text-decoration-none\" href=\"https:\/\/consmoron.esteri.it\/it\/news\/dal_consolato\/2026\/08\/saluto-di-fine-missione-dellagente-consolare-giulio-barbato\/\" title=\"Saluto di fine missione dell\u00b4Agente Consolare Giulio Barbato\">Saluto di fine missione dell\u00b4Agente Consolare Giulio Barbato<\/a><\/h5>\n                            <p class=\"card-text\">Dopo quattro anni al fronte dell\u00b4Agenzia Consolare d\u00b4Italia in Moron, l\u00b4Agente Consolare Giulio Barbato finalizza la sua missione. Condividiamo un video con un breve percorso durante questi anni di lavoro, impegno e vicinanza con la nostra collettivit\u00e0: Accedere al messaggio di saluto su YouTube Di seguito, condividiamo le sue parole di saluto in occasione della [&hellip;]<\/p>\n                                <a title=\"Saluto di fine missione dell\u00b4Agente Consolare Giulio Barbato\" class=\"read-more\" href=\"https:\/\/consmoron.esteri.it\/it\/news\/dal_consolato\/2026\/08\/saluto-di-fine-missione-dellagente-consolare-giulio-barbato\/\">\n                                    <span class=\"text\">Leggi di pi\u00f9<\/span>\n                                    <svg class=\"icon\">\n                                    <use xlink:href=\"https:\/\/consmoron.esteri.it\/wp-content\/themes\/sedi-tema\/assets\/svg\/sprites.svg#it-arrow-right\"><\/use>\n                                    <\/svg>\n                                <\/a>\n                                                    <\/div>\n                    <\/div>\n                <\/div>\n                <!--end card-->\n                <\/div><!-- col-12 .mt-3-->\n                            <div class=\"col-12 mt-3\">\n                <!--start card-->\n                <div class=\"card-wrapper card-space\">\n                    <div class=\"card card-bg card-big border-bottom-card\">\n                        <div class=\"card-body \">\n                                                        <div class=\"category-top\">\n                                                                                                            <span class=\"\">\n                                        <svg class=\"icon icon-secondary\">\n                                            <use xlink:href=\"https:\/\/consmoron.esteri.it\/wp-content\/themes\/sedi-tema\/assets\/svg\/sprites.svg#it-calendar\"><\/use>\n                                        <\/svg> 30 Luglio 2026                                    <\/span>\n                                                                    <\/div>\n                            <h5 class=\"card-title big-heading text-uppercase\"><a class=\"text-body text-decoration-none\" href=\"https:\/\/consmoron.esteri.it\/it\/news\/dal_consolato\/2026\/07\/validita-illimitata-delle-cie-in-favore-di-ultrasettantenni\/\" title=\"Validit\u00e0 illimitata delle CIE in favore di ultrasettantenni\">Validit\u00e0 illimitata delle CIE in favore di ultrasettantenni<\/a><\/h5>\n                            <p class=\"card-text\">A decorrere del 30 luglio 2026, le CIE emesse in favore di cittadini che abbiano compiuto il settantesimo anno di et\u00e0 al momento della richiesta del documento avranno validit\u00e0 illimitata. La Carta d\u2019Identit\u00e0 Elettronica rilasciata ai cittadini di et\u00e0 pari o superiore ai settanta anni al momento della richiesta di emissione avr\u00e0 validit\u00e0 illimitata, restando [&hellip;]<\/p>\n                                <a title=\"Validit\u00e0 illimitata delle CIE in favore di ultrasettantenni\" class=\"read-more\" href=\"https:\/\/consmoron.esteri.it\/it\/news\/dal_consolato\/2026\/07\/validita-illimitata-delle-cie-in-favore-di-ultrasettantenni\/\">\n                                    <span class=\"text\">Leggi di pi\u00f9<\/span>\n                                    <svg class=\"icon\">\n                                    <use xlink:href=\"https:\/\/consmoron.esteri.it\/wp-content\/themes\/sedi-tema\/assets\/svg\/sprites.svg#it-arrow-right\"><\/use>\n                                    <\/svg>\n                                <\/a>\n                                                    <\/div>\n                    <\/div>\n                <\/div>\n                <!--end card-->\n                <\/div><!-- col-12 .mt-3-->\n                            <div class=\"col-12 mt-3\">\n                <!--start card-->\n                <div class=\"card-wrapper card-space\">\n                    <div class=\"card card-bg card-big border-bottom-card\">\n                        <div class=\"card-body \">\n                                                        <div class=\"category-top\">\n                                                                                                            <span class=\"\">\n                                        <svg class=\"icon icon-secondary\">\n                                            <use xlink:href=\"https:\/\/consmoron.esteri.it\/wp-content\/themes\/sedi-tema\/assets\/svg\/sprites.svg#it-calendar\"><\/use>\n                                        <\/svg> 22 Luglio 2026                                    <\/span>\n                                                                    <\/div>\n                            <h5 class=\"card-title big-heading text-uppercase\"><a class=\"text-body text-decoration-none\" href=\"https:\/\/consmoron.esteri.it\/it\/news\/dal_consolato\/2026\/07\/diplomatura-en-estudios-y-gestion-de-instituciones-de-la-colectividad-italiana-en-argentina-2\/\" title=\"Diplomatura en Estudios y Gesti\u00f3n de Instituciones de la colectividad italiana en Argentina\">Diplomatura en Estudios y Gesti\u00f3n de Instituciones de la colectividad italiana en Argentina<\/a><\/h5>\n                            <p class=\"card-text\">La\u00a0Diplomatura en Estudios y Gesti\u00f3n de Instituciones de la colectividad italiana en Argentina, organizzata dal\u00a0Centro \u00cdtalo-Argentino de Altos Estudios\u00a0(CIAAE)\u00a0dell\u2019Universit\u00e0 di Buenos Aires, si propone di rafforzare il presente e il futuro delle istituzioni italiane nel Paese, promuovendo la formazione di nuove generazioni di dirigenti e la realizzazione di progetti innovativi. Con il patrocinio dell\u2019Ambasciata d\u2019Italia [&hellip;]<\/p>\n                                <a title=\"Diplomatura en Estudios y Gesti\u00f3n de Instituciones de la colectividad italiana en Argentina\" class=\"read-more\" href=\"https:\/\/consmoron.esteri.it\/it\/news\/dal_consolato\/2026\/07\/diplomatura-en-estudios-y-gestion-de-instituciones-de-la-colectividad-italiana-en-argentina-2\/\">\n                                    <span class=\"text\">Leggi di pi\u00f9<\/span>\n                                    <svg class=\"icon\">\n                                    <use xlink:href=\"https:\/\/consmoron.esteri.it\/wp-content\/themes\/sedi-tema\/assets\/svg\/sprites.svg#it-arrow-right\"><\/use>\n                                    <\/svg>\n                                <\/a>\n                                                    <\/div>\n                    <\/div>\n                <\/div>\n                <!--end card-->\n                <\/div><!-- col-12 .mt-3-->\n                            <div class=\"col-12 mt-3\">\n                <!--start card-->\n                <div class=\"card-wrapper card-space\">\n                    <div class=\"card card-bg card-big border-bottom-card\">\n                        <div class=\"card-body \">\n                                                        <div class=\"category-top\">\n                                                                                                            <span class=\"\">\n                                        <svg class=\"icon icon-secondary\">\n                                            <use xlink:href=\"https:\/\/consmoron.esteri.it\/wp-content\/themes\/sedi-tema\/assets\/svg\/sprites.svg#it-calendar\"><\/use>\n                                        <\/svg> 22 Luglio 2026                                    <\/span>\n                                                                    <\/div>\n                            <h5 class=\"card-title big-heading text-uppercase\"><a class=\"text-body text-decoration-none\" href=\"https:\/\/consmoron.esteri.it\/it\/news\/dal_consolato\/2026\/07\/elezioni-dei-comites-2026\/\" title=\"Elezioni dei COMITES 2026\">Elezioni dei COMITES 2026<\/a><\/h5>\n                            <p class=\"card-text\">Nel 2026 avranno luogo le elezioni per il per il rinnovo dei Comitati degli Italiani all\u2019Estero (Com.It.Es). I Com.It.Es. sono organismi che rappresentano i connazionali all\u2019estero nei rapporti con Ambasciate e Consolati e ne favoriscono l\u2019integrazione. Hanno inoltre il compito di preservare la memoria storica dell\u2019emigrazione italiana e valorizzare il contributo italiano nelle societ\u00e0 in [&hellip;]<\/p>\n                                <a title=\"Elezioni dei COMITES 2026\" class=\"read-more\" href=\"https:\/\/consmoron.esteri.it\/it\/news\/dal_consolato\/2026\/07\/elezioni-dei-comites-2026\/\">\n                                    <span class=\"text\">Leggi di pi\u00f9<\/span>\n                                    <svg class=\"icon\">\n                                    <use xlink:href=\"https:\/\/consmoron.esteri.it\/wp-content\/themes\/sedi-tema\/assets\/svg\/sprites.svg#it-arrow-right\"><\/use>\n                                    <\/svg>\n                                <\/a>\n                                                    <\/div>\n                    <\/div>\n                <\/div>\n                <!--end card-->\n                <\/div><!-- col-12 .mt-3-->\n                            <div class=\"col-12 mt-3\">\n                <!--start card-->\n                <div class=\"card-wrapper card-space\">\n                    <div class=\"card card-bg card-big border-bottom-card\">\n                        <div class=\"card-body \">\n                                                        <div class=\"category-top\">\n                                                                                                            <span class=\"\">\n                                        <svg class=\"icon icon-secondary\">\n                                            <use xlink:href=\"https:\/\/consmoron.esteri.it\/wp-content\/themes\/sedi-tema\/assets\/svg\/sprites.svg#it-calendar\"><\/use>\n                                        <\/svg> 13 Luglio 2026                                    <\/span>\n                                                                    <\/div>\n                            <h5 class=\"card-title big-heading text-uppercase\"><a class=\"text-body text-decoration-none\" href=\"https:\/\/consmoron.esteri.it\/it\/news\/dal_consolato\/2026\/07\/cessazione-della-validita-della-carta-didentita-cartacea-per-lespatrio-dal-3-agosto\/\" title=\"Cessazione della validit\u00e0 della carta d\u2019identit\u00e0 cartacea per l\u2019espatrio dal 3 agosto\">Cessazione della validit\u00e0 della carta d\u2019identit\u00e0 cartacea per l\u2019espatrio dal 3 agosto<\/a><\/h5>\n                            <p class=\"card-text\">A partire dal 3 agosto 2026 la versione cartacea della carta di identit\u00e0 cesser\u00e0 di essere valida per l\u2019espatrio, indipendentemente dalla data di scadenza riportata sul retro. Il DL 26\/06\/2026 n.108 ha introdotto alcune modifiche importanti: La Carta d\u2019Identit\u00e0 Cartacea non scaduta pu\u00f2 essere utilizzata come strumento identificativo nei rapporti con la Pubblica Amministrazione italiana [&hellip;]<\/p>\n                                <a title=\"Cessazione della validit\u00e0 della carta d\u2019identit\u00e0 cartacea per l\u2019espatrio dal 3 agosto\" class=\"read-more\" href=\"https:\/\/consmoron.esteri.it\/it\/news\/dal_consolato\/2026\/07\/cessazione-della-validita-della-carta-didentita-cartacea-per-lespatrio-dal-3-agosto\/\">\n                                    <span class=\"text\">Leggi di pi\u00f9<\/span>\n                                    <svg class=\"icon\">\n                                    <use xlink:href=\"https:\/\/consmoron.esteri.it\/wp-content\/themes\/sedi-tema\/assets\/svg\/sprites.svg#it-arrow-right\"><\/use>\n                                    <\/svg>\n                                <\/a>\n                                                    <\/div>\n                    <\/div>\n                <\/div>\n                <!--end card-->\n                <\/div><!-- col-12 .mt-3-->\n                            <div class=\"col-12 mt-3\">\n                <!--start card-->\n                <div class=\"card-wrapper card-space\">\n                    <div class=\"card card-bg card-big border-bottom-card\">\n                        <div class=\"card-body \">\n                                                        <div class=\"category-top\">\n                                                                                                            <span class=\"\">\n                                        <svg class=\"icon icon-secondary\">\n                                            <use xlink:href=\"https:\/\/consmoron.esteri.it\/wp-content\/themes\/sedi-tema\/assets\/svg\/sprites.svg#it-calendar\"><\/use>\n                                        <\/svg> 24 Giugno 2026                                    <\/span>\n                                                                    <\/div>\n                            <h5 class=\"card-title big-heading text-uppercase\"><a class=\"text-body text-decoration-none\" href=\"https:\/\/consmoron.esteri.it\/it\/news\/dal_consolato\/2026\/06\/tariffe-consolari-iii-trimestre-2026\/\" title=\"Tariffe Consolari III Trimestre 2026\">Tariffe Consolari III Trimestre 2026<\/a><\/h5>\n                            <p class=\"card-text\">Sono\u00a0 disponibili le tariffe consolari\u00a0del III Trimestre 2026 con validit\u00e0\u00a0 dal 01\/07\/2026 al 30\/09\/2026<\/p>\n                                <a title=\"Tariffe Consolari III Trimestre 2026\" class=\"read-more\" href=\"https:\/\/consmoron.esteri.it\/it\/news\/dal_consolato\/2026\/06\/tariffe-consolari-iii-trimestre-2026\/\">\n                                    <span class=\"text\">Leggi di pi\u00f9<\/span>\n                                    <svg class=\"icon\">\n                                    <use xlink:href=\"https:\/\/consmoron.esteri.it\/wp-content\/themes\/sedi-tema\/assets\/svg\/sprites.svg#it-arrow-right\"><\/use>\n                                    <\/svg>\n                                <\/a>\n                                                    <\/div>\n                    <\/div>\n                <\/div>\n                <!--end card-->\n                <\/div><!-- col-12 .mt-3-->\n            \n            <div class=\"col-md-12 mt-4 pb-4\">\n                <nav class=\"navigation col-md-12\" aria-label=\"Navigation\">\n                    <h2 class=\"screen-reader-text visually-hidden\">Paginazione<\/h2>\n                    <div class=\"nav-links\">\n                    <span aria-current=\"page\" class=\"page-numbers current\">1<\/span>\n<a class=\"page-numbers\" href=\"https:\/\/consmoron.esteri.it\/it\/wp-json\/wp\/v2\/pages\/55\/?pag=2\">2<\/a>\n<a class=\"page-numbers\" href=\"https:\/\/consmoron.esteri.it\/it\/wp-json\/wp\/v2\/pages\/55\/?pag=3\">3<\/a>\n<span class=\"page-numbers dots\">&hellip;<\/span>\n<a class=\"page-numbers\" href=\"https:\/\/consmoron.esteri.it\/it\/wp-json\/wp\/v2\/pages\/55\/?pag=34\">34<\/a>\n<a class=\"next page-numbers\" href=\"https:\/\/consmoron.esteri.it\/it\/wp-json\/wp\/v2\/pages\/55\/?pag=2\"><svg class=\"icon icon-primary\"><use xlink:href=\"https:\/\/consmoron.esteri.it\/wp-content\/themes\/sedi-tema\/assets\/svg\/sprites.svg#it-chevron-right\"><\/use><\/svg>\n                                    <span class=\"visually-hidden\">Pagina successiva<\/span><\/a>                    <\/div>\n                <\/nav>\n            <\/div>   <!--.col-md-12 -->\n              <\/div><!--.row -->\n              \n","protected":false},"excerpt":{"rendered":"","protected":false},"author":1,"featured_media":0,"parent":21,"menu_order":0,"comment_status":"closed","ping_status":"closed","template":"","meta":{"footnotes":""},"class_list":["post-55","page","type-page","status-publish","hentry"],"_links":{"self":[{"href":"https:\/\/consmoron.esteri.it\/it\/wp-json\/wp\/v2\/pages\/55","targetHints":{"allow":["GET"]}}],"collection":[{"href":"https:\/\/consmoron.esteri.it\/it\/wp-json\/wp\/v2\/pages"}],"about":[{"href":"https:\/\/consmoron.esteri.it\/it\/wp-json\/wp\/v2\/types\/page"}],"author":[{"embeddable":true,"href":"https:\/\/consmoron.esteri.it\/it\/wp-json\/wp\/v2\/users\/1"}],"replies":[{"embeddable":true,"href":"https:\/\/consmoron.esteri.it\/it\/wp-json\/wp\/v2\/comments?post=55"}],"version-history":[{"count":0,"href":"https:\/\/consmoron.esteri.it\/it\/wp-json\/wp\/v2\/pages\/55\/revisions"}],"up":[{"embeddable":true,"href":"https:\/\/consmoron.esteri.it\/it\/wp-json\/wp\/v2\/pages\/21"}],"wp:attachment":[{"href":"https:\/\/consmoron.esteri.it\/it\/wp-json\/wp\/v2\/media?parent=55"}],"curies":[{"name":"wp","href":"https:\/\/api.w.org\/{rel}","templated":true}]}}